{"id":2742,"date":"2016-05-27T09:46:02","date_gmt":"2016-05-27T09:46:02","guid":{"rendered":"http:\/\/rhythmwp.staging.wpengine.com\/?page_id=2686"},"modified":"2016-05-27T09:46:02","modified_gmt":"2016-05-27T09:46:02","slug":"latest-works-style-2","status":"publish","type":"page","link":"https:\/\/www.kvetinynaorechovce.cz\/cz\/latest-works-style-2\/","title":{"rendered":"latest works style-2"},"content":{"rendered":"<section  class=\"content-section full-width with-col cover rella-no-padding rella-no-margin    content-section-69f4d1155bc9e\"><div class=\"row vc_row-fluid\"><div class=\"wpb_column col-md-12\">\n\t\n\t\t<div class=\"works-filter align-center font-alt\">\n\t\t\t<a href=\"#\" class=\"filter active\" data-filter=\"*\">All works<\/a>\n\t\t\t<a class=\"filter\" data-filter=\".portfolio_cat-164 \">VAZBA KYTIC<\/a><a class=\"filter\" data-filter=\".portfolio_cat-172 \">HOME &amp; DECO<\/a><a class=\"filter\" data-filter=\".portfolio_cat-176 \">KV\u011aTINY NA AKCE<\/a><a class=\"filter\" data-filter=\".portfolio_cat-177 \">C\u030cERSTVE\u0301 R\u030cEZANE\u0301 KVE\u030cTINY \/ FRESH FLOWERS<\/a><a class=\"filter\" data-filter=\".portfolio_cat-179 \">PRO ARCHITEKTY<\/a><a class=\"filter\" data-filter=\".portfolio_cat-180 \">INTERI\u00c9ROV\u00c1 ZELE\u0147<\/a><a class=\"filter\" data-filter=\".portfolio_cat-181 \">N\u00c1VRHY TERAS A ZAHRAD<\/a>\t\t<\/div>\n\n\t\t\t<div class=\"row multi-columns-row mb-30 mb-xs-10\" id=\"isotope\">\n\t\t\t\t\t\t\t\t<div class=\"col-sm-6 col-md-4 col-lg-4 mb-20  mix \" data-wow-delay=\"0.1s\" data-wow-duration=\"2s\">\n\t\t\t\t\t\t\t\t<div class=\"post-prev-img\">\n\t\t\t\t\t\t<a href=\"https:\/\/www.kvetinynaorechovce.cz\/cz\/portfolio\/vanoce-2\/\" class=\"\"><img loading=\"lazy\" decoding=\"async\" width=\"2560\" height=\"1709\" src=\"https:\/\/www.kvetinynaorechovce.cz\/wp-content\/uploads\/2018\/11\/flowershop_winter-0049-scaled.jpg\" class=\"attachment-full size-full wp-post-image\" alt=\"\" srcset=\"https:\/\/www.kvetinynaorechovce.cz\/wp-content\/uploads\/2018\/11\/flowershop_winter-0049-scaled.jpg 2560w, https:\/\/www.kvetinynaorechovce.cz\/wp-content\/uploads\/2018\/11\/flowershop_winter-0049-300x200.jpg 300w, https:\/\/www.kvetinynaorechovce.cz\/wp-content\/uploads\/2018\/11\/flowershop_winter-0049-1024x684.jpg 1024w, https:\/\/www.kvetinynaorechovce.cz\/wp-content\/uploads\/2018\/11\/flowershop_winter-0049-370x247.jpg 370w\" sizes=\"auto, (max-width: 2560px) 100vw, 2560px\" \/><\/a>\n\t\t\t\t<\/div>\n\t\t\t\t\t\t\t\t\n\t\t\t\t<div class=\"post-prev-title font-alt\">\n\t\t\t\t\t\t<a href=\"https:\/\/www.kvetinynaorechovce.cz\/cz\/portfolio\/vanoce-2\/\">V\u00c1NOCE<\/a>\n\t\t\t\t<\/div>\n\t\t\t\t\n\t\t\t\t<div class=\"post-prev-text\">\n\t\t\t\t\t\t[vc_empty_space height=\"85px\"]\t\t\t\t<\/div>\n\t\t\t<\/div>\n\t\t\t\t\t\t\t<div class=\"col-sm-6 col-md-4 col-lg-4 mb-20  mix portfolio_cat-164\" data-wow-delay=\"0.2s\" data-wow-duration=\"2s\">\n\t\t\t\t\t\t\t\t<div class=\"post-prev-img\">\n\t\t\t\t\t\t<a href=\"https:\/\/www.kvetinynaorechovce.cz\/cz\/portfolio\/vazba-kytic\/\" class=\"\"><img loading=\"lazy\" decoding=\"async\" width=\"2560\" height=\"1707\" src=\"https:\/\/www.kvetinynaorechovce.cz\/wp-content\/uploads\/2018\/06\/25-scaled.jpg\" class=\"attachment-full size-full wp-post-image\" alt=\"\" srcset=\"https:\/\/www.kvetinynaorechovce.cz\/wp-content\/uploads\/2018\/06\/25-scaled.jpg 2560w, https:\/\/www.kvetinynaorechovce.cz\/wp-content\/uploads\/2018\/06\/25-300x200.jpg 300w, https:\/\/www.kvetinynaorechovce.cz\/wp-content\/uploads\/2018\/06\/25-1024x683.jpg 1024w, https:\/\/www.kvetinynaorechovce.cz\/wp-content\/uploads\/2018\/06\/25-371x247.jpg 371w\" sizes=\"auto, (max-width: 2560px) 100vw, 2560px\" \/><\/a>\n\t\t\t\t<\/div>\n\t\t\t\t\t\t\t\t\n\t\t\t\t<div class=\"post-prev-title font-alt\">\n\t\t\t\t\t\t<a href=\"https:\/\/www.kvetinynaorechovce.cz\/cz\/portfolio\/vazba-kytic\/\">VAZBA KYTIC<\/a>\n\t\t\t\t<\/div>\n\t\t\t\t\n\t\t\t\t<div class=\"post-prev-text\">\n\t\t\t\t\t\t[vc_empty_space height=\"85px\"]VAZBA KYTIC Origin\u00e1ln\u00ed designov\u00e9 kytice pro ka\u017edou p\u0159\u00edle\u017eitost. V\u00e1\u017eeme pouze z toho nejlep\u0161\u00edho zbo\u017e\u00ed, kter\u00e9 dov\u00e1\u017e\u00edme p\u0159\u00edmo z Holandsk\u00e9 burzy. Originalita v tvorb\u011b kv\u011btin a designu. P\u0159\u00edjemn\u00e9 floristky mluv\u00edc\u00ed \u010desky a anglicky. [vc_gallery type=\"image_grid\" images=\"3873,4436,3871,3870,3868,3767,3766,3764,3763,3760,3762,3761\" img_size=\"300px\"]\t\t\t\t<\/div>\n\t\t\t<\/div>\n\t\t\t\t\t\t\t<div class=\"col-sm-6 col-md-4 col-lg-4 mb-20  mix portfolio_cat-179\" data-wow-delay=\"0.3s\" data-wow-duration=\"2s\">\n\t\t\t\t\t\t\t\t<div class=\"post-prev-img\">\n\t\t\t\t\t\t<a href=\"https:\/\/www.kvetinynaorechovce.cz\/cz\/portfolio\/pro-architekty\/\" class=\"\"><img loading=\"lazy\" decoding=\"async\" width=\"2560\" height=\"1707\" src=\"https:\/\/www.kvetinynaorechovce.cz\/wp-content\/uploads\/2018\/06\/19-1-scaled.jpg\" class=\"attachment-full size-full wp-post-image\" alt=\"\" srcset=\"https:\/\/www.kvetinynaorechovce.cz\/wp-content\/uploads\/2018\/06\/19-1-scaled.jpg 2560w, https:\/\/www.kvetinynaorechovce.cz\/wp-content\/uploads\/2018\/06\/19-1-300x200.jpg 300w, https:\/\/www.kvetinynaorechovce.cz\/wp-content\/uploads\/2018\/06\/19-1-1024x683.jpg 1024w, https:\/\/www.kvetinynaorechovce.cz\/wp-content\/uploads\/2018\/06\/19-1-371x247.jpg 371w\" sizes=\"auto, (max-width: 2560px) 100vw, 2560px\" \/><\/a>\n\t\t\t\t<\/div>\n\t\t\t\t\t\t\t\t\n\t\t\t\t<div class=\"post-prev-title font-alt\">\n\t\t\t\t\t\t<a href=\"https:\/\/www.kvetinynaorechovce.cz\/cz\/portfolio\/pro-architekty\/\">PRO ARCHITEKTY<\/a>\n\t\t\t\t<\/div>\n\t\t\t\t\n\t\t\t\t<div class=\"post-prev-text\">\n\t\t\t\t\t\t[vc_empty_space height=\"85px\"]Kv\u011btinov\u00e9 dekorace, interi\u00e9rov\u00e1 zele\u0148, velk\u00e9 n\u00e1doby, trval\u00e9 kv\u011btinov\u00e9 dekorace a vertik\u00e1ln\u00ed zahrady [vc_gallery type=\"image_grid\" images=\"3759,3758\"]\t\t\t\t<\/div>\n\t\t\t<\/div>\n\t\t\t\t\t<\/div>\n\t\t\t\n\t\t<\/div><\/div><\/section>\n","protected":false},"excerpt":{"rendered":"[vc_empty_space height=\"85px\"]Kv\u011btinov\u00e9 dekorace, interi\u00e9rov\u00e1 zele\u0148, velk\u00e9 n\u00e1doby, trval\u00e9 kv\u011btinov\u00e9 dekorace a vertik\u00e1ln\u00ed zahrady [vc_gallery type=\"image_grid\" images=\"3759,3758\"]","protected":false},"author":1,"featured_media":0,"parent":0,"menu_order":0,"comment_status":"closed","ping_status":"closed","template":"","meta":{"footnotes":""},"class_list":["post-2742","page","type-page","status-publish","hentry"],"_links":{"self":[{"href":"https:\/\/www.kvetinynaorechovce.cz\/cz\/wp-json\/wp\/v2\/pages\/2742","targetHints":{"allow":["GET"]}}],"collection":[{"href":"https:\/\/www.kvetinynaorechovce.cz\/cz\/wp-json\/wp\/v2\/pages"}],"about":[{"href":"https:\/\/www.kvetinynaorechovce.cz\/cz\/wp-json\/wp\/v2\/types\/page"}],"author":[{"embeddable":true,"href":"https:\/\/www.kvetinynaorechovce.cz\/cz\/wp-json\/wp\/v2\/users\/1"}],"replies":[{"embeddable":true,"href":"https:\/\/www.kvetinynaorechovce.cz\/cz\/wp-json\/wp\/v2\/comments?post=2742"}],"version-history":[{"count":0,"href":"https:\/\/www.kvetinynaorechovce.cz\/cz\/wp-json\/wp\/v2\/pages\/2742\/revisions"}],"wp:attachment":[{"href":"https:\/\/www.kvetinynaorechovce.cz\/cz\/wp-json\/wp\/v2\/media?parent=2742"}],"curies":[{"name":"wp","href":"https:\/\/api.w.org\/{rel}","templated":true}]}}